{"id":485,"date":"2020-11-24T13:05:11","date_gmt":"2020-11-24T12:05:11","guid":{"rendered":"https:\/\/hrop.web42.it\/datenschutzerklaerung\/"},"modified":"2020-12-11T12:19:14","modified_gmt":"2020-12-11T11:19:14","slug":"datenschutzerklaerung","status":"publish","type":"page","link":"https:\/\/vatrim.eu\/de\/datenschutzerklaerung\/","title":{"rendered":"Datenschutzerkl\u00e4rung"},"content":{"rendered":"[vc_row type=&#8220;in_container&#8220; full_screen_row_position=&#8220;middle&#8220; column_margin=&#8220;default&#8220; column_direction=&#8220;default&#8220; column_direction_tablet=&#8220;default&#8220; column_direction_phone=&#8220;default&#8220; scene_position=&#8220;center&#8220; bottom_padding=&#8220;5%&#8220; text_color=&#8220;dark&#8220; text_align=&#8220;left&#8220; row_border_radius=&#8220;none&#8220; row_border_radius_applies=&#8220;bg&#8220; overlay_strength=&#8220;0.3&#8243; gradient_direction=&#8220;left_to_right&#8220; shape_divider_position=&#8220;bottom&#8220; bg_image_animation=&#8220;none&#8220; shape_type=&#8220;&#8220;][vc_column column_padding=&#8220;no-extra-padding&#8220; column_padding_tablet=&#8220;inherit&#8220; column_padding_phone=&#8220;inherit&#8220; column_padding_position=&#8220;all&#8220; background_color_opacity=&#8220;1&#8243; background_hover_color_opacity=&#8220;1&#8243; column_shadow=&#8220;none&#8220; column_border_radius=&#8220;none&#8220; column_link_target=&#8220;_self&#8220; gradient_direction=&#8220;left_to_right&#8220; overlay_strength=&#8220;0.3&#8243; width=&#8220;1\/1&#8243; tablet_width_inherit=&#8220;default&#8220; tablet_text_alignment=&#8220;default&#8220; phone_text_alignment=&#8220;default&#8220; column_border_width=&#8220;none&#8220; column_border_style=&#8220;solid&#8220; bg_image_animation=&#8220;none&#8220;][vc_custom_heading text=&#8220;Datenschutzerkl\u00e4rung&#8220; font_container=&#8220;tag:h1|font_size:46|text_align:left|color:%2300095f&#8220; google_fonts=&#8220;font_family:PT%20Serif%3Aregular%2Citalic%2C700%2C700italic|font_style:700%20bold%20regular%3A700%3Anormal&#8220; css=&#8220;.vc_custom_1607685496504{margin-bottom: 30px !important;}&#8220;][vc_column_text]\n<p class=\"p1\"><b>Gem\u00e4\u00df Art. 13 der Verordnung (EU) 2016\/679 (DSGVO) <\/b>und der Ma\u00dfnahme Nr. 229 vom 8. Mai 2014 \u00fcber den Einsatz von Cookies informieren wir hiermit die Besucher der Website \u00fcber die Verwendung der \u00fcbermittelten Daten und der von der Website verwendeten Cookies. Die vorliegende Datenschutzerkl\u00e4rung entspricht auch der Empfehlung Nr. 2\/2001, die von der kraft Artikel 29 der Richtlinie 95\/46\/EG eingesetzten Arbeitsgruppe angenommen wurde.<span class=\"Apple-converted-space\">\u00a0<\/span><\/p>\n<p class=\"p1\">Sie nimmt Bezug auf die Websites und Portale von Vatrim GmbH, nicht jedoch auf andere verlinkte Webseiten.<\/p>\n[\/vc_column_text][vc_custom_heading text=&#8220;Verantwortlicher&#8220; font_container=&#8220;tag:h2|font_size:32|text_align:left|color:%2300095f&#8220; google_fonts=&#8220;font_family:Open%20Sans%3A300%2C300italic%2Cregular%2Citalic%2C600%2C600italic%2C700%2C700italic%2C800%2C800italic|font_style:600%20bold%20regular%3A600%3Anormal&#8220;][vc_column_text]\n<p class=\"p1\">Beim Besuch der Website k\u00f6nnen personenbezogene Daten oder sonstige mit dem Nutzer verkn\u00fcpfbare Daten verarbeitet werden, auch jene, die durch den Einsatz von Cookies erhoben werden. Der Verantwortliche ist Vatrim GmbH mit Sitz in Bahnhofallee 7, 39100 Bozen (BZ)<span class=\"Apple-converted-space\">\u00a0<\/span><\/p>\n<p class=\"p1\">Der Verantwortliche kann unter den folgenden Kontaktdaten erreicht werden: vatrimsrl@legalmail.it<\/p>\n[\/vc_column_text][vc_custom_heading text=&#8220;Zweck und Modalit\u00e4ten der Verarbeitung&#8220; font_container=&#8220;tag:h2|font_size:32|text_align:left|color:%2300095f&#8220; google_fonts=&#8220;font_family:Open%20Sans%3A300%2C300italic%2Cregular%2Citalic%2C600%2C600italic%2C700%2C700italic%2C800%2C800italic|font_style:600%20bold%20regular%3A600%3Anormal&#8220; css=&#8220;.vc_custom_1607685509838{margin-bottom: 4vh !important;}&#8220;][vc_custom_heading text=&#8220;Surfdaten&#8220; font_container=&#8220;tag:h3|font_size:26|text_align:left|color:%2300095f&#8220; google_fonts=&#8220;font_family:Open%20Sans%3A300%2C300italic%2Cregular%2Citalic%2C600%2C600italic%2C700%2C700italic%2C800%2C800italic|font_style:600%20bold%20regular%3A600%3Anormal&#8220; css=&#8220;.vc_custom_1607685517291{margin-bottom: 2vh !important;}&#8220;][vc_column_text]\n<p class=\"p1\">Die f\u00fcr den Betrieb dieser Website verwendeten Computersysteme und Softwareverfahren erfassen w\u00e4hrend ihres normalen Betriebs einige personenbezogene Daten, deren \u00dcbertragung implizit mit der Verwendung von Internet-Kommunikationsprotokollen erfolgt.<span class=\"Apple-converted-space\">\u00a0<\/span><\/p>\n<p class=\"p1\">Diese Informationen werden nicht erhoben, um identifizierten Personen zugeordnet zu werden, k\u00f6nnten aber aufgrund ihrer Art durch die Verarbeitung und Verkn\u00fcpfung mit im Besitz Dritter befindlicher Daten eine Identifizierung der Nutzer erm\u00f6glichen.<span class=\"Apple-converted-space\">\u00a0<\/span><\/p>\n<p class=\"p1\">Zu dieser Datenkategorie geh\u00f6ren IP-Adressen oder Dom\u00e4nennamen der von Nutzern zur Verbindung mit der Website verwendeten Computer, URI-Adressen (Uniform Resource Identifier) der angeforderten Ressourcen, der Zeitpunkt der Anfrage, das Verfahren zum \u00dcbermitteln der Anfrage an den Server, die Gr\u00f6\u00dfe der als Antwort erhaltenen Datei, der Zahlencode des Status der Serverantwort (erfolgreich, Fehler usw.) und andere Parameter des Betriebssystems und der Computerumgebung.<span class=\"Apple-converted-space\">\u00a0<\/span><\/p>\n<p class=\"p1\">Diese Daten werden nur verwendet werden, um anonyme statistische Informationen \u00fcber die Nutzung der Website zu erhalten sowie deren einwandfreie Funktion zu \u00fcberpr\u00fcfen und werden unmittelbar nach der Verarbeitung gel\u00f6scht. Die Daten k\u00f6nnten zum Feststellen der Verantwortlichkeit im Falle anzunehmender Computerkriminalit\u00e4t zum Schaden der Website verwendet werden.<\/p>\n[\/vc_column_text][vc_custom_heading text=&#8220;\u00dcber das Kontaktformular und in den Entsprechenden abschnitten erfasste Daten&#8220; font_container=&#8220;tag:h3|font_size:26|text_align:left|color:%2300095f&#8220; google_fonts=&#8220;font_family:Open%20Sans%3A300%2C300italic%2Cregular%2Citalic%2C600%2C600italic%2C700%2C700italic%2C800%2C800italic|font_style:600%20bold%20regular%3A600%3Anormal&#8220; css=&#8220;.vc_custom_1607685524501{margin-bottom: 2vh !important;}&#8220;][vc_column_text]\n<p class=\"p1\">Diese Informationen beziehen sich auf vom Nutzer freiwillig zur Verf\u00fcgung gestellte Daten.<span class=\"Apple-converted-space\">\u00a0<\/span><\/p>\n<p class=\"p1\"><b>KONTAKTSEITE<\/b>: Die angegebenen Daten werden ausschlie\u00dflich zur Bearbeitung Ihrer Anfrage verwendet. Die erhobenen Daten werden nur so lange aufbewahrt, wie es f\u00fcr die R\u00fcckmeldung erforderlich ist. Diese Verarbeitung erfolgt gem\u00e4\u00df der von Ihnen erteilten Einwilligung. Sollten Sie die Einwilligung zur Verarbeitung Ihrer Daten verweigern, kann Ihre Anfrage nicht bearbeitet werden.<span class=\"Apple-converted-space\">\u00a0<\/span><\/p>\n<p class=\"p1\">Die oben genannten Verarbeitungsmodalit\u00e4ten werden rein computergest\u00fctzt durchgef\u00fchrt, schlie\u00dfen aber die Verarbeitung in Papierform nicht aus. Ihre Daten k\u00f6nnen an Personen weitergegeben werden, die als Empf\u00e4nger im Sinne von Art. 4 oder als Auftragsverarbeiter im Sinne von Art. 28 der DSGVO gelten und f\u00fcr Aufgaben zust\u00e4ndig sind, die der Bearbeitung Ihrer an uns gerichteten Anfrage dienen.<span class=\"Apple-converted-space\">\u00a0<\/span><\/p>\n[\/vc_column_text][vc_custom_heading text=&#8220;\u00dcbermittlung Personenbezogener Daten an Drittl\u00e4nder oder an Internationale Organisationen&#8220; font_container=&#8220;tag:h3|font_size:26|text_align:left|color:%2300095f&#8220; google_fonts=&#8220;font_family:Open%20Sans%3A300%2C300italic%2Cregular%2Citalic%2C600%2C600italic%2C700%2C700italic%2C800%2C800italic|font_style:600%20bold%20regular%3A600%3Anormal&#8220; css=&#8220;.vc_custom_1607685537638{margin-bottom: 2vh !important;}&#8220;][vc_column_text]\n<p class=\"p1\">Ihre Daten werden in keiner Weise an Drittl\u00e4nder au\u00dferhalb der EU oder an internationale Organisationen weitergegeben oder auf Servern in Drittl\u00e4ndern gespeichert.<\/p>\n[\/vc_column_text][vc_custom_heading text=&#8220;Automatisierte Entscheidungen&#8220; font_container=&#8220;tag:h3|font_size:26|text_align:left|color:%2300095f&#8220; google_fonts=&#8220;font_family:Open%20Sans%3A300%2C300italic%2Cregular%2Citalic%2C600%2C600italic%2C700%2C700italic%2C800%2C800italic|font_style:600%20bold%20regular%3A600%3Anormal&#8220; css=&#8220;.vc_custom_1607685544986{margin-bottom: 2vh !important;}&#8220;][vc_column_text]\n<p class=\"p1\">Der Verantwortliche verwendet keinerlei System zur automatisierten Entscheidungsfindung bez\u00fcglich Ihrer personenbezogenen Daten.<\/p>\n[\/vc_column_text][vc_custom_heading text=&#8220;Rechte der betroffenen Person&#8220; font_container=&#8220;tag:h3|font_size:26|text_align:left|color:%2300095f&#8220; google_fonts=&#8220;font_family:Open%20Sans%3A300%2C300italic%2Cregular%2Citalic%2C600%2C600italic%2C700%2C700italic%2C800%2C800italic|font_style:600%20bold%20regular%3A600%3Anormal&#8220; css=&#8220;.vc_custom_1607685551289{margin-bottom: 2vh !important;}&#8220;][vc_column_text]\n<p class=\"p1\">Sie haben jederzeit das Recht, vom Verantwortlichen Zugang zu Ihren Daten sowie deren Berichtigung oder L\u00f6schung zu verlangen. Sie erhalten innerhalb von 30 Tagen gegebenenfalls auch auf elektronischem Wege eine schriftliche R\u00fcckmeldung (sofern Sie nicht ausdr\u00fccklich eine m\u00fcndliche R\u00fcckmeldung w\u00fcnschen). Sie haben auch das Recht, die Einschr\u00e4nkung der Verarbeitung zu verlangen oder sie zu verweigern. Sie k\u00f6nnen au\u00dferdem die \u00dcbertragbarkeit Ihrer Daten an einen anderen Verantwortlichen beantragen. Sie k\u00f6nnen dar\u00fcber hinaus die auf dieser Website erteilten Einwilligungen jederzeit widerrufen. Um eine oder mehrere der erteilten Einwilligungen zu widerrufen, wenden Sie sich einfach an eine der oben genannten Adressen.<span class=\"Apple-converted-space\">\u00a0<\/span><\/p>\n<p class=\"p1\">Wenn Sie der Ansicht sind, dass Ihre Daten rechtswidrig verarbeitet wurden, haben Sie das Recht auf Beschwerde bei der Aufsichtsbeh\u00f6rde.<\/p>\n[\/vc_column_text][\/vc_column][\/vc_row]\n","protected":false},"excerpt":{"rendered":"<p>[vc_row type=&#8220;in_container&#8220; full_screen_row_position=&#8220;middle&#8220; column_margin=&#8220;default&#8220; column_direction=&#8220;default&#8220; column_direction_tablet=&#8220;default&#8220; column_direction_phone=&#8220;default&#8220; scene_position=&#8220;center&#8220; bottom_padding=&#8220;5%&#8220; text_color=&#8220;dark&#8220; text_align=&#8220;left&#8220; row_border_radius=&#8220;none&#8220; row_border_radius_applies=&#8220;bg&#8220; overlay_strength=&#8220;0.3&#8243; gradient_direction=&#8220;left_to_right&#8220; shape_divider_position=&#8220;bottom&#8220; bg_image_animation=&#8220;none&#8220; shape_type=&#8220;&#8220;][vc_column column_padding=&#8220;no-extra-padding&#8220; column_padding_tablet=&#8220;inherit&#8220; column_padding_phone=&#8220;inherit&#8220; column_padding_position=&#8220;all&#8220; background_color_opacity=&#8220;1&#8243; background_hover_color_opacity=&#8220;1&#8243; column_shadow=&#8220;none&#8220; column_border_radius=&#8220;none&#8220; column_link_target=&#8220;_self&#8220; gradient_direction=&#8220;left_to_right&#8220; overlay_strength=&#8220;0.3&#8243; width=&#8220;1\/1&#8243;&#8230;<\/p>\n","protected":false},"author":1,"featured_media":0,"parent":0,"menu_order":0,"comment_status":"closed","ping_status":"closed","template":"","meta":[],"yoast_head":"<!-- This site is optimized with the Yoast SEO plugin v15.3 - https:\/\/yoast.com\/wordpress\/plugins\/seo\/ -->\n<title>Datenschutzerkl\u00e4rung - Vatrim Vat Advisory<\/title>\n<meta name=\"robots\" content=\"index, follow, max-snippet:-1, max-image-preview:large, max-video-preview:-1\" \/>\n<link rel=\"canonical\" href=\"https:\/\/vatrim.eu\/de\/datenschutzerklaerung\/\" \/>\n<meta property=\"og:locale\" content=\"de_DE\" \/>\n<meta property=\"og:type\" content=\"article\" \/>\n<meta property=\"og:title\" content=\"Datenschutzerkl\u00e4rung - Vatrim Vat Advisory\" \/>\n<meta property=\"og:description\" content=\"[vc_row type=&#8220;in_container&#8220; full_screen_row_position=&#8220;middle&#8220; column_margin=&#8220;default&#8220; column_direction=&#8220;default&#8220; column_direction_tablet=&#8220;default&#8220; column_direction_phone=&#8220;default&#8220; scene_position=&#8220;center&#8220; bottom_padding=&#8220;5%&#8220; text_color=&#8220;dark&#8220; text_align=&#8220;left&#8220; row_border_radius=&#8220;none&#8220; row_border_radius_applies=&#8220;bg&#8220; overlay_strength=&#8220;0.3&#8243; gradient_direction=&#8220;left_to_right&#8220; shape_divider_position=&#8220;bottom&#8220; bg_image_animation=&#8220;none&#8220; shape_type=&#8220;&#8220;][vc_column column_padding=&#8220;no-extra-padding&#8220; column_padding_tablet=&#8220;inherit&#8220; column_padding_phone=&#8220;inherit&#8220; column_padding_position=&#8220;all&#8220; background_color_opacity=&#8220;1&#8243; background_hover_color_opacity=&#8220;1&#8243; column_shadow=&#8220;none&#8220; column_border_radius=&#8220;none&#8220; column_link_target=&#8220;_self&#8220; gradient_direction=&#8220;left_to_right&#8220; overlay_strength=&#8220;0.3&#8243; width=&#8220;1\/1&#8243;...\" \/>\n<meta property=\"og:url\" content=\"https:\/\/vatrim.eu\/de\/datenschutzerklaerung\/\" \/>\n<meta property=\"og:site_name\" content=\"Vatrim Vat Advisory\" \/>\n<meta property=\"article:modified_time\" content=\"2020-12-11T11:19:14+00:00\" \/>\n<meta name=\"twitter:card\" content=\"summary_large_image\" \/>\n<meta name=\"twitter:label1\" content=\"Verfasst von\">\n\t<meta name=\"twitter:data1\" content=\"admin\">\n\t<meta name=\"twitter:label2\" content=\"Gesch\u00e4tzte Lesezeit\">\n\t<meta name=\"twitter:data2\" content=\"5\u00a0Minuten\">\n<script type=\"application\/ld+json\" class=\"yoast-schema-graph\">{\"@context\":\"https:\/\/schema.org\",\"@graph\":[{\"@type\":\"WebSite\",\"@id\":\"https:\/\/vatrim.eu\/#website\",\"url\":\"https:\/\/vatrim.eu\/\",\"name\":\"Vatrim Vat Advisory\",\"description\":\"\",\"potentialAction\":[{\"@type\":\"SearchAction\",\"target\":\"https:\/\/vatrim.eu\/?s={search_term_string}\",\"query-input\":\"required name=search_term_string\"}],\"inLanguage\":\"de\"},{\"@type\":\"WebPage\",\"@id\":\"https:\/\/vatrim.eu\/de\/datenschutzerklaerung\/#webpage\",\"url\":\"https:\/\/vatrim.eu\/de\/datenschutzerklaerung\/\",\"name\":\"Datenschutzerkl\\u00e4rung - Vatrim Vat Advisory\",\"isPartOf\":{\"@id\":\"https:\/\/vatrim.eu\/#website\"},\"datePublished\":\"2020-11-24T12:05:11+00:00\",\"dateModified\":\"2020-12-11T11:19:14+00:00\",\"inLanguage\":\"de\",\"potentialAction\":[{\"@type\":\"ReadAction\",\"target\":[\"https:\/\/vatrim.eu\/de\/datenschutzerklaerung\/\"]}]}]}<\/script>\n<!-- \/ Yoast SEO plugin. -->","_links":{"self":[{"href":"https:\/\/vatrim.eu\/de\/wp-json\/wp\/v2\/pages\/485"}],"collection":[{"href":"https:\/\/vatrim.eu\/de\/wp-json\/wp\/v2\/pages"}],"about":[{"href":"https:\/\/vatrim.eu\/de\/wp-json\/wp\/v2\/types\/page"}],"author":[{"embeddable":true,"href":"https:\/\/vatrim.eu\/de\/wp-json\/wp\/v2\/users\/1"}],"replies":[{"embeddable":true,"href":"https:\/\/vatrim.eu\/de\/wp-json\/wp\/v2\/comments?post=485"}],"version-history":[{"count":4,"href":"https:\/\/vatrim.eu\/de\/wp-json\/wp\/v2\/pages\/485\/revisions"}],"predecessor-version":[{"id":649,"href":"https:\/\/vatrim.eu\/de\/wp-json\/wp\/v2\/pages\/485\/revisions\/649"}],"wp:attachment":[{"href":"https:\/\/vatrim.eu\/de\/wp-json\/wp\/v2\/media?parent=485"}],"curies":[{"name":"wp","href":"https:\/\/api.w.org\/{rel}","templated":true}]}}